{"id":132,"date":"2011-04-23T14:58:45","date_gmt":"2011-04-23T19:58:45","guid":{"rendered":"http:\/\/mtn-togo.org\/?page_id=132"},"modified":"2021-06-13T18:05:57","modified_gmt":"2021-06-13T23:05:57","slug":"l-equipe","status":"publish","type":"page","link":"http:\/\/mtn-togo.org\/?page_id=132","title":{"rendered":"L&#8217; \u00e9quipe du MTN"},"content":{"rendered":"<a href=\"http:\/\/mtn-togo.org\/wp-content\/uploads\/2011\/08\/DSC01812.jpg\"><img loading=\"lazy\" class=\"size-medium wp-image-777\" title=\"DSC01812\" src=\"http:\/\/mtn-togo.org\/wp-content\/uploads\/2011\/08\/DSC01812-300x225.jpg\" alt=\"\" width=\"300\" height=\"225\" srcset=\"http:\/\/mtn-togo.org\/wp-content\/uploads\/2011\/08\/DSC01812-300x225.jpg 300w, http:\/\/mtn-togo.org\/wp-content\/uploads\/2011\/08\/DSC01812-1024x768.jpg 1024w\" sizes=\"(max-width: 300px) 100vw, 300px\" \/><\/a> Bureau du MTN\n<p>Le MTN a une vision claire, un objet pr\u00e9cis\u00a0,\u00a0un projet coh\u00e9rent et une \u00e9quipe dynamique. Il est guid\u00e9 par des principes et des valeurs cardinaux.Le Congr\u00e8s du MTN vient de doter le Mouvement d&#8217;un leadership engag\u00e9, comp\u00e9tent et efficace, \u00a0\u00e0 la hauteur des d\u00e9fis qui attendent la nouvelle g\u00e9n\u00e9ration: l&#8217;alternance et l&#8217;alternative pour faire du Togo, un pays nouveau, libre , d\u00e9mocratique et prosp\u00e8re pour le bien-\u00eatre de tous les Togolais(es).<\/p>\n<p>L&#8217;\u00e9quipe du MTN\u00a0 qui est \u00a0issue du\u00a0Congr\u00e8s,\u00a0se compose comme suit:<\/p>\n<p><img title=\"More...\" src=\"http:\/\/mtn-togo.org\/wp-includes\/js\/tinymce\/plugins\/wordpress\/img\/trans.gif\" alt=\"\" \/><\/p>\n<ul>\n<li><strong>Pr\u00e9sident :<\/strong>Che Alphonse Lawson-H\u00e9llu<\/li>\n<li><strong>1er Vice -Pr\u00e9sident\u00a0 :\u00a0 vacant\u00a0<\/strong><\/li>\n<li><strong>2e Vice -Pr\u00e9sidente:<\/strong>Isabelle Gb\u00e9nou<\/li>\n<li><strong>Secr\u00e9taire g\u00e9n\u00e9ral :<\/strong>Folly Gbetey Kpodar<\/li>\n<li><strong>Tr\u00e9sorier g\u00e9n\u00e9ral:<\/strong>Adama Tatignan<\/li>\n<li><strong>Coodonnateur de Projet<\/strong>: Moussa Issifou<\/li>\n<li><strong>Tr\u00e9sorier g\u00e9n\u00e9ral adjoint, charg\u00e9 du secr\u00e9tariat national: <\/strong>Dossa Th\u00e9odore Adjafoui<\/li>\n<li><strong>Charg\u00e9\u00a0au projet, \u00e0 la mobilisation et\u00a0\u00e0 \u00a0l\u2019organisation nationales: <\/strong>Michel Koffi\u00a0Koudaya<\/li>\n<li><strong>Charg\u00e9\u00a0\u00e0 la\u00a0communication nationale:<\/strong>\u00a0 Ekou\u00e9 Teddy Ayika<\/li>\n<\/ul>\n<p>Le bureau est appuy\u00e9 par des commissions techniques et th\u00e9matiques qui embrassent tous les domaines de la soci\u00e9t\u00e9.Les membres des commissions sont reconnus dans leurs domaines d&#8217;expertise .<\/p>\n<ul>\n<li><strong>Gestionnaire de la Feuille de route du MTN :<\/strong> Sanny Akobi<\/li>\n<\/ul>\n<p>Pour contacter l&#8217;\u00e9quipe \u00a0du <strong>MTN<\/strong> veuillez \u00e9crire \u00e0 <a href=\"mailto:mtntogo@gmail.com\">mtntogo@gmail.com<\/a><\/p>\n<p>Que chacun de nous prenne son balai, la Terre de nos\u00a0a\u00efeuls nous appelle au devoir sacr\u00e9, patriotique et citoyen.<\/p>\n<p>Unis pour la m\u00eame cause, la lutte continue!<\/p>\n","protected":false},"excerpt":{"rendered":"<p>Le MTN a une vision claire, un objet pr\u00e9cis\u00a0,\u00a0un projet coh\u00e9rent et une \u00e9quipe dynamique. Il est guid\u00e9 par des principes et des valeurs cardinaux.Le Congr\u00e8s du MTN vient de doter le Mouvement d&#8217;un leadership engag\u00e9, comp\u00e9tent et efficace, \u00a0\u00e0 la hauteur des d\u00e9fis qui attendent la nouvelle g\u00e9n\u00e9ration: l&#8217;alternance et l&#8217;alternative pour faire du [&hellip;]<\/p>\n","protected":false},"author":1,"featured_media":0,"parent":0,"menu_order":0,"comment_status":"closed","ping_status":"open","template":"","meta":[],"_links":{"self":[{"href":"http:\/\/mtn-togo.org\/index.php?rest_route=\/wp\/v2\/pages\/132"}],"collection":[{"href":"http:\/\/mtn-togo.org\/index.php?rest_route=\/wp\/v2\/pages"}],"about":[{"href":"http:\/\/mtn-togo.org\/index.php?rest_route=\/wp\/v2\/types\/page"}],"author":[{"embeddable":true,"href":"http:\/\/mtn-togo.org\/index.php?rest_route=\/wp\/v2\/users\/1"}],"replies":[{"embeddable":true,"href":"http:\/\/mtn-togo.org\/index.php?rest_route=%2Fwp%2Fv2%2Fcomments&post=132"}],"version-history":[{"count":8,"href":"http:\/\/mtn-togo.org\/index.php?rest_route=\/wp\/v2\/pages\/132\/revisions"}],"predecessor-version":[{"id":3692,"href":"http:\/\/mtn-togo.org\/index.php?rest_route=\/wp\/v2\/pages\/132\/revisions\/3692"}],"wp:attachment":[{"href":"http:\/\/mtn-togo.org\/index.php?rest_route=%2Fwp%2Fv2%2Fmedia&parent=132"}],"curies":[{"name":"wp","href":"https:\/\/api.w.org\/{rel}","templated":true}]}}