{"id":153,"date":"2011-04-23T15:14:13","date_gmt":"2011-04-23T20:14:13","guid":{"rendered":"http:\/\/mtn-togo.org\/?page_id=153"},"modified":"2011-05-09T19:57:36","modified_gmt":"2011-05-10T00:57:36","slug":"interviews","status":"publish","type":"page","link":"http:\/\/mtn-togo.org\/?page_id=153","title":{"rendered":"Interviews"},"content":{"rendered":"<p><strong><a href=\"http:\/\/mtn-togo.org\/wp-content\/uploads\/2011\/04\/Alphonse_Lawson1.jpg\"><img loading=\"lazy\" class=\"alignleft size-thumbnail wp-image-361\" title=\"Alphonse_Lawson\" src=\"http:\/\/mtn-togo.org\/wp-content\/uploads\/2011\/04\/Alphonse_Lawson1-150x150.jpg\" alt=\"\" width=\"150\" height=\"150\" \/><\/a>\u00a0 PROTOCOLE D\u2019INTERVIEW<\/strong><\/p>\n<p><strong><em>\u00a0\u00a0\u00a0\u00a0\u00a0\u00a0\u00a0\u00a0 Lawson-Hellu Alphonse ancien pr\u00e9sident du Conseil des Etudiants de l\u2019Universit\u00e9 du B\u00e9nin (CEUB), devenu aujourd\u2019hui apr\u00e8s une reforme en 2001 Universit\u00e9 de Lom\u00e9. M. Lawson a accord\u00e9 une interview \u00e0 la r\u00e9daction du mo5-togo.com dans laquelle il passe en revue l\u2019actualit\u00e9 politique de ces derniers temps. Il a remerci\u00e9 les p\u00e8res fondateurs du CEUB et les \u00e9tudiants pour leur mobilisation pour avoir\u00a0 r\u00e9sist\u00e9 \u00e0 la r\u00e9pression. M. Lawson est revenu sur sa participation \u00e0 campagne pr\u00e9sidentielle du 04 mars 2010 en tant que membre de la commission de communication de la campagne pr\u00e9sidentielle et de la commission informatique du FRAC . Il \u00e9voque\u00a0 l\u2019exp\u00e9rience qu\u2019il en a tir\u00e9e, invite la jeunesse togolaise \u00e0 saisir sa chance et \u00e0 prendre en main son destin, regrette de la division de la diaspora, trouve que le moment choisi par Gilchrist Olympio pour s\u2019allier au RPT est un mauvais tempo. Enfin il a rappel\u00e9 que l\u2019arm\u00e9e n\u2019est pas le probl\u00e8me mais partie des probl\u00e8mes du Togo.<\/em><\/strong><\/p>\n<p><strong>\u00a0\u00a0\u00a0\u00a0\u00a0\u00a0\u00a0\u00a0\u00a0\u00a0\u00a0\u00a0\u00a0\u00a0\u00a0\u00a0\u00a0\u00a0 Lisez l\u2019int\u00e9gralit\u00e9 de l\u2019interview<\/strong><\/p>\n<p><strong>Mo5-togo.com\u00a0: Monsieur LAWSON bonjour, vous \u00eates l\u2019une des r\u00e9f\u00e9rences de la jeunesse togolaise surtout celle estudiantine. Vous \u00eates un ancien pr\u00e9sident du CEUB. C\u2019est vous qui avez pris l\u2019initiative de sortir cette organisation \u00e0 la place publique pour donner la parole aux \u00e9tudiants. Qu\u2019avez- vous ressenti lorsque Eyadema avait d\u00e9capit\u00e9 compl\u00e8tement ce mouvement\u00a0?<\/strong><\/p>\n<p><strong>Lawson-Hellu<\/strong>\u00a0: Je voudrais tout d\u2019abord\u00a0 remercier le Mo5, notre organisation, pour l\u2019opportunit\u00e9 qui m\u2019a \u00e9t\u00e9 offerte\u00a0 de m\u2019exprimer sur le plateau de son site internet. Ensuite, saluer le travail ph\u00e9nom\u00e9nal\u00a0 d\u2019information et de formation que l\u2019organisation abat chaque jour pour garder le flambeau de la lutte allum\u00e9e. Enfin pour revenir \u00e0 votre question, je\u00a0 dois d\u2019entr\u00e9e de jeu affirmer que la r\u00e9ussite du CEUB est le fruit d\u2019un travail m\u00e9thodique\u00a0 d\u2019\u00e9quipe\u00a0 de\u00a0 d\u00e9l\u00e9gu\u00e9s des \u00e9coles et facult\u00e9s de l\u2019universit\u00e9 de Lom\u00e9\u00a0 et de la mobilisation sans pr\u00e9c\u00e9dent\u00a0 de l\u2019ensemble du corps\u00a0 \u00e9tudiant d\u00e9termin\u00e9 \u00e0 lutter pour l\u2019am\u00e9lioration de\u00a0 leurs conditions de travail et d\u2019\u00e9tude. L\u2019initiative\u00a0 de rendre au CEUB,\u00a0 ses lettres de noblesse en le transformant en une organisation estudiantine puissante de conqu\u00eate\u00a0 de libert\u00e9 et de justice sociale n\u2019a \u00e9t\u00e9 possible que gr\u00e2ce au travail de mes pr\u00e9d\u00e9cesseurs \u00e0 qui je tiens \u00e0 rendre un hommage m\u00e9rit\u00e9. Je pense entre autre \u00a0\u00e0 Koudoh Vincent, Antoine Kofi Nadjomb\u00e9, Moussa Issifou,\u00a0 Aka Kodjo Fr\u00e9d\u00e9ric et plus particuli\u00e8rement\u00a0 \u00e0 Sanny Akobi que j\u2019appelle affectueusement doyen.<\/p>\n<p>Lors de ma pr\u00e9sidence, le CEUB a atteint une capacit\u00e9 de mobilisation et d\u2019action qui faisait trembler le Gal\u00a0 Eyad\u00e9ma. Lorsque nous prenions la rue\u00a0 lors de nos mouvements de protestation, le cort\u00e8ge d\u2019\u00c9yad\u00e9ma changeait de direction face \u00e0 la densit\u00e9 de la foule. Il a\u00a0 cherch\u00e9 dans un premier temps \u00e0 n\u00e9gocier\u00a0 avec nous en nous invitant \u00e0\u00a0le rencontrer \u00e0 trois reprises. Face \u00e0 l\u2019\u00e9chec de ces n\u00e9gociations\u00a0 et surtout notre d\u00e9termination \u00e0 d\u00e9fendre avec honneur et dignit\u00e9 la cause estudiantine, le pr\u00e9sident d\u00e9funt\u00a0\u00a0 a opt\u00e9 pour\u00a0 la voie de la r\u00e9pression. J\u2019ai \u00e9t\u00e9 incarc\u00e9r\u00e9 \u00e0 la prison civile de Lom\u00e9 en compagnie de 5 de mes collaborateurs (Charles Lorimpo Lamboni ,\u00a0 Karimou\u00a0 Sourajou\u00a0 Babatound\u00e9,\u00a0 Akakpo Justin et Komi Segbeaya).Nous avions eu la vie sauve que gr\u00e2ce \u00e0 la mobilisation sans pr\u00e9c\u00e9dent de la population et particuli\u00e8rement les \u00e9tudiants et les \u00e9l\u00e8ves des lyc\u00e9es et coll\u00e8ges. Nous avions \u00e9t\u00e9 condamn\u00e9s \u00e015 mois d\u2019emprisonnement avec sursis. \u00c0 notre lib\u00e9ration de prison, contre toute attente, nous avions r\u00e9affirm\u00e9 notre foi confiance dans la lutte et dans\u00a0 les principes et valeurs qui guidaient notre action. Nous avions \u00e9t\u00e9 plus d\u00e9termin\u00e9s que jamais. Menaces de mort, tentative d\u2019assassinat, second mandat d\u2019arr\u00eat<strong>\u2026<\/strong>etc\u00a0\u00a0 ont jalonn\u00e9s notre parcours mais n\u2019ont pas eu raison de notre d\u00e9termination.<\/p>\n<p>Il \u00e9tait \u00e9vident<strong> <\/strong>que le r\u00e9gime de dictature voudrait d\u00e9capiter le mouvement car le CEUB n\u2019\u00e9tait plus\u00a0 un simple mouvement\u00a0 \u00e9tudiant de revendication corporative. Il est devenu une organisation\u00a0 solide\u00a0 qui\u00a0 pr\u00e9sentait des enjeux politiques et sociaux importants. Le r\u00e9gime du dictateur d\u00e9funt a saisi le moment de\u00a0 la fin de mon mandat\u00a0 et de\u00a0 mon d\u00e9part pour semer la division ( Divide et impera )\u00a0 \u00a0au sein du mouvement en vue de l\u2019affaiblir. La succession a \u00e9t\u00e9 rendue difficile et les exigences du poste \u00e9taient \u00e9lev\u00e9es. Je salue ici le courage\u00a0 de Lamboni Lorimpo et de son \u00e9quipe ainsi que les \u00e9quipes successives \u00e0 la t\u00eate du CEUB qui\u00a0 ont\u00a0 essay\u00e9 de donner le meilleur d\u2019eux \u2013m\u00eames au prix de milles sacrifices. Je souligne particuli\u00e8rement\u00a0 le sacrifice de Kpelafia Koumoyi , d\u2019Hanif Tchadjobo qui ont pass\u00e9\u00a0 pr\u00eat de trois(3) mois \u00e0 la prison civile de Lom\u00e9 par rapport aux activit\u00e9s du CEUB\u00a0 et tous les autres notamment Kpodar Folly Gbetey,\u00a0 qui n\u2019 ont m\u00e9nag\u00e9 aucun effort \u00a0pour d\u00e9fendre la cause de l\u2019\u00e9tudiant togolais.<\/p>\n<p>Je retiens de cette \u00e9pop\u00e9e, moins la volont\u00e9 violente d\u2019\u00c9yad\u00e9ma de\u00a0 d\u00e9capiter le mouvement estudiantin que la d\u00e9termination et la bravoure des camarades \u00e9tudiants \u00e0 y r\u00e9sister. De cette r\u00e9sistance est n\u00e9e\u00a0 une g\u00e9n\u00e9ration de jeunes Togolais et Togolaises form\u00e9e et\u00a0 capable\u00a0 d\u2019assurer la rel\u00e8ve politique future du\u00a0 Togo.<\/p>\n<p><strong>Mo5-togo.com\u00a0: Pendant votre pr\u00e9sidence du CEUB, vous avez rencontr\u00e9 certains leaders politiques et syndicaux pour solliciter aupr\u00e8s d\u2019eux leur soutien politique et moral. Parmi ceux que vous avez c\u00f4toy\u00e9s y a t-il certains que vous avez appr\u00e9ci\u00e9s et qui vous inspirent<\/strong>\u00a0?<\/p>\n<p><strong>Lawson-Hellu<\/strong>\u00a0: Le CEUB, en un moment donn\u00e9,\u00a0 a pris des proportions extraordinaires\u00a0\u00a0 \u00e0 l\u2019instar de la FESCI en C\u00f4te D\u2019Ivoire avec laquelle nous avions des contacts \u00e0 l\u2019\u00e9poque. Rappelez \u2013vous\u00a0 de la d\u00e9claration hallucinante de Gal Walla, ministre de l\u2019int\u00e9rieur,\u00a0 \u00e0 la t\u00e9l\u00e9vision nationale (T.V.T)\u00a0 m\u2019accusant de fomenter un coup d\u2019\u00c9tat\u00a0 contre le\u00a0 r\u00e9gime d\u2019\u00c9yad\u00e9ma\u00a0 avec la complicit\u00e9\u00a0 ext\u00e9rieure de\u00a0 Guillaume Soro, ancien pr\u00e9sident de la FESCI (F\u00e9d\u00e9ration estudiantine et scolaire de C\u00f4te d\u2019Ivoire) , actuel Premier ministre de C\u00f4te d\u2019Ivoire et Robert\u00a0 M\u00e9nard , l\u2019ex\u00a0 responsable de Reporter Sans Fronti\u00e8re. Je reviendrai un jour sur les d\u00e9tails de cette affaire dans un bouquin.<\/p>\n<p>Les leaders politiques togolais ont tr\u00e8s vite pris la mesure des choses et nous ont ouverts\u00a0 leurs portes. Bien que nous tenions \u00e0 notre ind\u00e9pendance, nous avions\u00a0 eu une collaboration fructueuse avec plus d\u2019un. Nous avions \u00e9t\u00e9 beaucoup marqu\u00e9s par le Professeur Gnininvi, un humaniste, homme de conviction, de franchise et d\u2019action, pragmatique et m\u00e9thodique. Nous avions tr\u00e8s vite fraternis\u00e9 avec Jean-Pierre Fabre, son \u00e9nergie, son courage, sa franchise, ses convictions\u00a0 et sa fougue de jeunesse nous ont toujours s\u00e9duits. Nous constatons aujourd\u2019hui que nous ne nous sommes pas tromp\u00e9s sur sa personne. En un moment donn\u00e9 de notre collaboration, il fallait \u00a0prendre\u00a0 d\u2019importantes d\u00e9cisions pour passer \u00e0 l\u2019action. \u2026<\/p>\n<p>J\u2019ai encore en\u00a0 m\u00e9moire l\u2019exp\u00e9dition secr\u00e8te\u00a0 que\u00a0 Fabre a organis\u00e9e avec Patrick Lawson pour nous amener \u00e0\u00a0 rencontrer Mr Gil Christ Olympio \u00e0 Accra Au Ghana. Repla\u00e7ons les choses dans leur contexte historique. C\u2019\u00e9tait \u00e9mouvant et path\u00e9tique d\u2019avoir une s\u00e9ance de travail avec le fils du p\u00e8re de l\u2019ind\u00e9pendance, l\u2019opposant charismatique et historique au r\u00e9gime despotique d\u2019\u00c9yadema. M\u00eame si au sortir de cette rencontre m\u00e9morable, nous \u00e9tions en d\u00e9saccord avec lui sur le fond de la strat\u00e9gie avec laquelle nous devions mener le combat sur le terrain, peut-\u00eatre une pr\u00e9monition, nous avions gard\u00e9 quand m\u00eame une bonne impression de l\u2019homme.<\/p>\n<p>\u00a0En dehors de ces figures marquantes de la vie politique, je ne saurais passer sous silence Claude Am\u00e9ganvi et Norbert Gbikpi Benissan. Le premier est un organisateur\u00a0 de manif sans pareil, un vrai bosseur, un homme de talent et \u00a0un touche \u00e0 tout\u00a0: des pancartes de manifestation\u00a0 jusqu\u2019au journal. Le second est l\u2019un des plus grands syndicalistes que le Togo ait connu. Un homme de culture\u00a0 avec une ma\u00eetrise parfaite de la rh\u00e9torique dialectique. Un vrai patriote. \u00c0 un moment donn\u00e9 de la lutte, nous avions r\u00e9alis\u00e9 une union sacr\u00e9e avec la f\u00e9d\u00e9ration des syndicats d\u2019enseignants pour galvaniser la lutte sur le plan national. Le mouvement de gr\u00e8ve g\u00e9n\u00e9rale et les marches de protestation qui en ont suivi ont co\u00fbt\u00e9 la\u00a0 prison\u00a0 aux\u00a0 deux responsables syndicaux Norbert Gbipki Benissan et Allagah Odegui (paix \u00e0 son \u00e2me)\u00a0 secr\u00e9taires g\u00e9n\u00e9raux de la FETRAN\/USIT. D\u00e9j\u00e0 sous le coup d\u2019une condamnation de\u00a0 15 mois d\u2019emprisonnement avec sursis, j\u2019ai eu la baraka d\u2019\u00e9chapper \u00e0\u00a0 ce deuxi\u00e8me\u00a0 mandat d\u2019arr\u00eat, puisque le document servant de pr\u00e9texte \u00e0 leur incarc\u00e9ration portait aussi ma signature.<\/p>\n<p>Je n\u2019oublierai pas Me Yawovi Agboyibor, le b\u00e9lier de Kouv\u00e9 qui\u00a0 a fait r\u00eaver les Togolais en un moment donn\u00e9. Sa connaissance et sa pratique du droit, doubl\u00e9e de son engagement pour un Togo d\u00e9mocratique nous ont positivement marqu\u00e9s.<\/p>\n<p>En ma qualit\u00e9 de leader \u00e9tudiant, j\u2019ai eu la chance de c\u00f4toyer beaucoup d\u2019hommes politiques togolais\u00a0 d\u2019horizons divers et quelques figures du monde militaire et de la gendarmerie.<\/p>\n<p>J\u2019ai beaucoup appris du s\u00e9rail politique, approfondi ma connaissance des tenants et aboutissants du dossier togolais. Je pr\u00e9f\u00e8re m\u2019appesantir sur la qualit\u00e9 des hommes qui m\u2019ont inspir\u00e9\u00a0 que de retenir leurs\u00a0 erreurs et leur faiblesse. De toute fa\u00e7on, nous devons apprendre de\u00a0leurs erreurs pour \u00eatre mieux qu\u2019eux \u00e0 l\u2019heure de la rel\u00e8ve. Celle-ci sonne d\u00e9j\u00e0 \u00e0 tout point de vue.<\/p>\n<p><strong><em>Mo5-togo.com<\/em><\/strong>\u00a0: Avant d\u2019aller au Togo, vous aviez d\u00e9j\u00e0 en avril 2009 effectu\u00e9 un voyage en France \u00e0 Lyon. Pouvez-vous nous dire en quoi a constitu\u00e9 ce voyage\u00a0? Et qui avez-vous rencontr\u00e9\u00a0? Etes-vous entrain de pr\u00e9parer la rel\u00e8ve\u00a0?<\/p>\n<p>\u00a0<strong>Lawson-H\u00e9llu<\/strong>\u00a0: J\u2019ai \u00e9t\u00e9 invit\u00e9 par le Collectif des Togolais de Rh\u00f4ne\u2013Alpes (CTRA)\u00a0 pour animer une conf\u00e9rence sur le Togo\u00a0 dans le cadre des festivit\u00e9s devant marquer le 49 e anniversaire de l\u2019ind\u00e9pendance du Togo. J\u2019ai partag\u00e9 le panel avec le professeur Aim\u00e9 Gogu\u00e9. J\u2019ai propos\u00e9 aux\u00a0 Togolais de Lyon les grands axes de mes\u00a0 r\u00e9flexions\u00a0 sur le TOGO que j\u2019ai consign\u00e9es dans un document intitul\u00e9\u00a0: Togo Nouveau. Face \u00e0 l\u2019\u00e9chec cuisant des 50 ans d\u2019ind\u00e9pendance des pays africains en g\u00e9n\u00e9ral et le Togo en particulier, il s\u2019agit de proposer un\u00a0 nouveau paradigme de refondation de l\u2019\u00c9tat et de la nation togolaise qui proc\u00e8de d\u2019une pens\u00e9e nouvelle bas\u00e9e sur un id\u00e9al th\u00e9orico-pratique raisonnable. Les\u00a0\u00a0 \u00e9l\u00e9ments conceptuels de cet id\u00e9al doivent fonder en raison l\u2019imp\u00e9ratif\u00a0 moral, s\u2019orienter vers le modernisme humanisant\u00a0 et s\u2019enraciner dans un discours argument\u00e9 et rationnel qui recherche le consensus dans &lt; l\u2019agir communicationnel&gt;, un dialogue d\u00e9mocratique\u00a0 f\u00e9cond.<\/p>\n<p>Piloter le changement, c\u2019est d\u2019abord et avant tout\u00a0 la r\u00e9forme du\u00a0 syst\u00e8me dominant de pens\u00e9es. Le doute axiologique est un puissant vecteur\u00a0 de ma d\u00e9marche. J\u2019ai pr\u00e9dis et encourag\u00e9 la mont\u00e9e\u00a0 en force de la jeune g\u00e9n\u00e9ration\u00a0 avec en relief, le flambeau de la d\u00e9construction pour\u00a0 mettre fin aux illusions, aux utopies avort\u00e9es, aux prestidigitations, aux mensonges et autres f\u00e9tichismes\u00a0 pour mieux jeter les fondements objectifs et critiques &lt; d\u2019un nouveau contrat social &gt; en vue de lib\u00e9rer l\u2019avenir.<\/p>\n<p>\u00a0Le Togo nation doit se r\u00e9inventer, se refonder dans la red\u00e9finition des modalit\u00e9s de son vivre ensemble\u00a0(solidarit\u00e9, libert\u00e9 et \u00e9galit\u00e9) et dans les\u00a0 sch\u00e8mes de sa culture riche et diversifi\u00e9e au sens\u00a0 de\u00a0 d\u00e9gager une r\u00e9sultante\u00a0 identitaire, historique et patrimoniale dont la navette v\u00e9hiculaire serait propuls\u00e9e par l\u2019appropriation de notre propre langue. Son rapport\u00a0 \u00e0 l\u2019avenir s\u2019appuierait\u00a0 beaucoup moins sur l\u2019esp\u00e9rance que\u00a0 sur la volont\u00e9, c&#8217;est-\u00e0-dire\u00a0 un &lt; gai d\u00e9sespoir&gt; selon le mot de Andr\u00e9-Compte Sponville \u00e0 l\u2019instar du &lt; gai savoir &gt; de Nietzche. La nation togolaise retrouverait ainsi ses rep\u00e8res et cristalliserait ses forces et croyances dans ses\u00a0 propres codes, sa mythologie, sa\u00a0 propre symbolique\u00a0 et ses h\u00e9ros. C\u2019est la condition sine qua none du capital social revisit\u00e9 sur lequel nous pouvons assoir une id\u00e9e nationale en vue de relever le d\u00e9fi collectif de r\u00e9aliser\u00a0 de grand-chose ensemble notamment le d\u00e9veloppement et le bien-\u00eatre de la nation togolaise. La question de d\u00e9veloppement doit \u00eatre abord\u00e9e dans une perspective holiste, en\u00a0 int\u00e9grant le cadre\u00a0 des \u2018grands blocs\u2019 du continent (selon l\u2019expression de Cheick Anta Diop); et en dissolvant les limites artificielles h\u00e9rit\u00e9es de la colonisation impos\u00e9es au peuple africain dont le but est de le maintenir sous les verrous de la domination et de l\u2019exploitation ad vitam \u00e6ternam.<\/p>\n<p>Le d\u00e9bat et les \u00e9changes ont \u00e9t\u00e9 tr\u00e8s fructueux. Il faut rappeler que la ville de Lyon a cette particularit\u00e9 d\u2019abriter des\u00a0 grands noms qui marqu\u00e9 le mouvement \u00e9tudiant des ann\u00e9es 90.D\u2019autres de l\u2019Europe et du Canada nous\u00a0 ont rejoints. Nous avons profit\u00e9 pour nous r\u00e9unir en conclave. Et sur proposition de Tanti kpodar, femme de courage et de d\u00e9termination, activiste de premi\u00e8re\u00a0 heure du mouvement \u00e9tudiant; une \u00e9quipe \u00e9largie de travail s\u2019est form\u00e9e autour du document TOGO nouveau pour l\u2019approfondir et l\u2019enrichir. De ces travaux, est n\u00e9 un mouvement d\u00e9nomm\u00e9\u00a0: Mouvement pour un TOGO Nouveau (MTN) dont l\u2019objectif est de proposer une alternative cr\u00e9dible pour le Togo et les Togolais. Rappelons que le MTN s\u2019est battu sur le terrain aux cot\u00e9s de Jean-Pierre Fabres, du FRAC-UFC et avec le peuple togolais\u00a0 pour l\u2019alternance d\u00e9mocratique lors de la campagne pr\u00e9sidentielle du 04 mars 2010.Ses membres fondateurs sont tr\u00e8s actifs dans la diaspora et certains repr\u00e9sentent le FRAC au Canada et aux USA. Le mouvement de rel\u00e8ve se met donc\u00a0 progressivement en place comme vous pouvez le constatez.<\/p>\n<p><strong>Mo5-togo.com\u00a0: Lors de l\u2019\u00e9lection pr\u00e9sidentielle\u00a0 du 04 mars 2010, vous avez effectu\u00e9 un voyage au Togo o\u00f9 vous avez pris part \u00e0 la campagne\u00a0 au c\u00f4t\u00e9 du FRAC. Vous qui avez pris part \u00e0 toutes les \u00e9tapes de cette campagne et observ\u00e9 <\/strong><\/p>\n<p><strong>la ferveur et l\u2019enthousiasme des populations. Etes-vous surpris des r\u00e9sultats qui donnent Faure vainqueur avec 60,88% de voix devant Jean-Pierre Fabre\u00a0?<\/strong><\/p>\n<p><strong>Lawson-Hellu<\/strong>\u00a0: Vous savez\u00a0 que\u00a0 d\u00e8s le lendemain de mon retour au Togo, apr\u00e8s 10 ans d\u2019exil, j\u2019ai eu un t\u00eate \u00e0 t\u00eate avec Jean-Pierre Fabre. A\u00a0 la suite de notre rencontre, il m\u2019a\u00a0 fait l\u2019honneur\u00a0 de m\u2019int\u00e9grer\u00a0 dans la commission\u00a0 de communication de la campagne pr\u00e9sidentielle du FRAC sous la roulette d\u2019\u00c9ric Dupuis, un grand combattant et un bosseur. Je me suis mis au travail et\u00a0 embarqu\u00e9 avec le cort\u00e8ge de campagne et nous avons fait\u00a0 le tour du Togo, parcouru\u00a0 les coins et recoins de la Terre de nos Ailleurs. Cinkass\u00e9, Dapaong, Gu\u00e9r\u00e9 Kounka ,Manga,\u00a0 Mango, Nano, Sokod\u00e9 , Bafilo, Bassar,\u00a0 Kant\u00e9, Niamtougou, Kara, Sotoboua, Ani\u00e9, Atakpam\u00e9, Kpalime, Agou, Badou, ,Danyi, Agou , Ts\u00e9vi\u00e9, Vogan , An\u00e9ho , Anfoin , Aklakou, Tabligbo, Lom\u00e9\u2026. La liste est longue. J\u2019ai \u00e9t\u00e9 sid\u00e9r\u00e9\u00a0 partout o\u00f9 nous sommes pass\u00e9s \u00a0par l\u2019enthousiasme, la joie, et l\u2019accueil chaleureux \u00a0et militant r\u00e9serv\u00e9 \u00e0 Jean-Pierre Fabre et \u00e0 la d\u00e9l\u00e9gation du FRAC. Le rejet et le ras le bol des populations pour le r\u00e9gime Eyadema p\u00e8re et fils est total. C\u2019est tout simplement ph\u00e9nom\u00e9nal. Nous avons vu des sc\u00e8nes \u00a0indescriptibles d\u2019adh\u00e9sion au changement\u00a0;\u00a0 le d\u00e9tia, symbole mythique du changement et de l\u2019UFC, a \u00e9t\u00e9 agit\u00e9 partout, m\u00eame dans les coins les plus recul\u00e9s du pays. Lors de la travers\u00e9e des\u00a0 villages, je voyais des femmes, des hommes, des person\u00e9es \u00e2g\u00e9es et\u00a0 des enfants sortir spontan\u00e9ment agiter le palmier ou des les signes de changement. Le cort\u00e8ge se voit\u00a0 parfois bloquer pour forcer Jean-Pierre \u00e0 descendre pour dire un mot. Lorsque ce dernier levait le bras en signe de\u00a0 victoire, la foule devenait fr\u00e9n\u00e9tique. C\u2019\u00e9tait hallucinant\u00a0!<\/p>\n<p>Cet enthousiasme de joie et d\u2019espoir\u00a0 contraste \u00e9perdument avec la mis\u00e8re et la d\u00e9confiture avanc\u00e9e du pays\u00a0: infrastructure inexistante, r\u00e9seau routier dans un \u00e9tat de d\u00e9labrement avanc\u00e9, \u00a0des trous b\u00e9ants font le lit des routes poussi\u00e9reuses o\u00f9 des pans de goudrons ont disparus depuis belles lurettes. Manque cruelle d\u2019eau, d\u2019\u00e9lectricit\u00e9, de structures sanitaires et d\u2019hygi\u00e8nes. Les \u00e9coles s\u2019abritent sous des hangars couverts de pailles\u00a0 sans bancs ni tables. J\u2019ai eu l\u2019impression que depuis le d\u00e9part officiel des colons, il y\u2019a une cinquantaine d\u2019ann\u00e9es,\u00a0le pays est laiss\u00e9 \u00e0 l\u2019abandon. Tellement le panorama est chaotique. Le comble du malheur\u00a0 est de voir aux coins des rues\u00a0 calamiteuses, des enseignes luxueuses, lumineuses\u00a0 montrant fi\u00e8rement les posters g\u00e9ants de Faure Gnassingbe arborant des slogans grotesques qui le d\u00e9signent comme l\u2019homme providentiel,\u00a0l\u2019homme nouveau, la force de l\u2019avenir. Vous conviendrez avec moi que les Togolais ne sont pas dupes pour mordre \u00e0 l\u2019app\u00e2t de celui qui veut se distancier de l\u2019h\u00e9ritage politique de son p\u00e8re et des vestiges du parti inique, le RPT et se pr\u00e9senter sous l\u2019image de l\u2019homme nouveau.<\/p>\n<p>Il est donc \u00e9vident que face \u00e0 l\u2019\u00e9tat chaotique et mis\u00e9rable du pays , la tentative de communication politique de ravalement de fa\u00e7ade \u00e0 coup des centaines de millions du contribuable togolais\u00a0 qui pr\u00e9sente\u00a0 Faure\u00a0 Gnassingb\u00e9\u00a0 sous le signe de l\u2019homme nouveau et providentiel\u00a0 au cours de la campagne pr\u00e9sidentielle\u00a0 ne pouvait convaincre les Togolais de voter majoritairement pour lui.<\/p>\n<p>Apr\u00e8s le vote le 4 mars 2010, j\u2019ai rejoins de part mes comp\u00e9tences, la commission d\u2019informatique du FRAC bas\u00e9e \u00e0 Tokoin C\u00e9sale qui \u00a0est sens\u00e9e traiter les donn\u00e9es du vote du FRAC. Les donn\u00e9es des proc\u00e8s verbaux\u00a0\u00a0 provenant des bureaux de vote, me permettent de rejeter en\u00a0 bloc les chiffres fallacieux et pr\u00e9fabriqu\u00e9s\u00a0 donnant Faure\u00a0 vainqueur avec 60,88%. J\u2019affirme sur les bases des\u00a0 chiffres authentiques de la commission informatique\u00a0 que Jean \u2013Pierre Fabre a recueilli une moyenne qui se situe entre 75 et 80% des\u00a0 voix. Il a donc remport\u00e9 haut les mains\u00a0 l\u2019\u00e9lection pr\u00e9sidentielle du 04 mars.<\/p>\n<p>J\u2019avoue qu\u2019il a eu des anomalies graves dans certaines pr\u00e9fectures. Par exemple dans certains bureaux de vote notamment dans la pr\u00e9fecture de la Kozah, on a relev\u00e9 dans un bureau de vote 500 inscrits pour 900 votants. Le logiciel ne pouvait pas prendre en comptes ces donn\u00e9es. Par ailleurs \u00e0 Blitta, EPP Centrale, les d\u00e9l\u00e9gu\u00e9s de l\u2019UFC ont \u00e9t\u00e9 chass\u00e9s ensemble avec les observateurs des bureaux de vote. Nous avons \u00e9galement relev\u00e9,\u00a0 un vote massif de mineurs, tout comme un nombre anormalement \u00e9lev\u00e9 de votes par procuration. Nous \u00e9tions entrain d\u2019analyser et de traiter les cas litigieux quand les \u00e9l\u00e9ments de Yark ont encercl\u00e9s les lieux, arr\u00eat\u00e9 les coll\u00e8gues de la commission et emport\u00e9 les ordinateurs et tout le mat\u00e9riel. J\u2019ai d\u00fb prendre les dispositions n\u00e9cessaires pour passer dans les mailles du filet\u00a0\u00a0 et sauver ce que nous pouvions sauver gr\u00e2ce \u00e0 DIEU.<\/p>\n<p>Ce d\u00e9barquement policier\u00a0 brutal et ill\u00e9gal est la troisi\u00e8me preuve qui vient compl\u00e9ter \u00e0 suffisance celles d\u00e9j\u00e0 d\u00e9velopp\u00e9es qui \u00e9tablissent clairement que\u00a0 Faure n\u2019a pas\u00a0 gagn\u00e9 les \u00e9lections pr\u00e9sidentielles du 4 mars.<\/p>\n<p>Faure Eyadema est conscient qu\u2019il n\u2019a pas gagn\u00e9 les \u00e9lections du 04 mars 2010. Il sait mieux que quiconque qu&#8217;il\u00a0 ne m\u00e9rite nullement son poste et qu\u2019il se maintient au pouvoir par la fraude, le mensonge, la violence et le viol syst\u00e9matique de la constitution, des lois et des institutions qui r\u00e9gissent le pays. Rappelez \u2013vous les conditions\u00a0 rocambolesques, odieuses et iniques\u00a0 dans lesquelles il s\u2019est accapar\u00e9 du\u00a0 pouvoir \u00e0 la mort de son p\u00e8re, Eyadema Gnassingb\u00e9, l\u2019un des derni\u00e8res esp\u00e8ces de dictateurs\u00a0 les plus f\u00e9roces que l\u2019Afrique dite ind\u00e9pendante ait connues. Faure\u00a0 Eyadema est le fils de son p\u00e8re. Triple coup d\u2019\u00c9tat\u00a0: constitutionnel, militaire et l\u00e9gislatif. Face la r\u00e9sistance h\u00e9ro\u00efque du peuple togolais, il n\u2019h\u00e9sita pas \u00e0 marcher sur leurs\u00a0 corps (plus de 500 selon l\u2019ONU, plus\u00a0 de 1000 selon les organisations des droits de l\u2019homme) et \u00e0 naviguer dans leur sang\u00a0 pour s\u2019accaparer du pouvoir. Un tel personnage ne peut jamais se plier au verdict des urnes. Sa conception du pouvoir n\u2019est ni th\u00e9ocratique, ni d\u00e9mocratique, encore moins oligarchique. Elle est eyad\u00e9manique c\u2019est \u00e0 un legs d\u2019Eyadema, une propri\u00e9t\u00e9 priv\u00e9e de celui-ci \u00e0 lui transmise. La l\u00e9gitimit\u00e9 du pouvoir, il la tient d\u2019Eyadema. Par cons\u00e9quent, il n\u2019a de compte constitutionnel, ni institutionnel, ni l\u00e9gislatif, ni comptable \u00e0 rendre\u00a0 aux Togolais. L\u2019\u00c9yad\u00e9manie\u00a0 est un\u00a0 pouvoir despotique d\u2019Eyadema pour Eyadema et par Eyadema\u00a0 (p\u00e8re, fils ou petit-fils\u2026)\u00a0 avec le concours militaire et civil des r\u00e9seaux mafieux en vue de siphonner \u00e0 fond les ressources du Togo, devenu par ailleurs terre pr\u00e9bendi\u00e8re\u00a0 et exp\u00e9rimentale, o\u00f9 les Togolais sont tenus en laisse par la servitude, le d\u00e9ni du droit\u00a0 et la mis\u00e8re. Seule\u00a0 la force d\u2019une\u00a0 r\u00e9volte r\u00e9volutionnaire\u00a0 implacable peut mettre fin \u00e0 l\u2019\u00c9yad\u00e9manie et lib\u00e9rer le peuple togolais. Il nous appartient de\u00a0 nous organiser en cons\u00e9quence.<\/p>\n<p><strong>Mo5-togo.com\u00a0: Vous qui avez assist\u00e9 \u00e0 tous les meetings de campagne du Frac, selon vous les responsables du Frac ont-ils tenu,\u00a0 apr\u00e8s la proclamation des r\u00e9sultats, leur promesse d\u2019arracher le pouvoir au cas o\u00f9 le r\u00e9gime en place fraudait\u00a0?<\/strong><\/p>\n<p><strong>Lawson-Hellu<\/strong>\u00a0: Je crois qu\u2019il faut f\u00e9liciter les dirigeants du FRAC.L\u2019irruption impr\u00e9visible du FRAC a mis \u00e0 mal le plan diabolique de la mise en commun des int\u00e9r\u00eats de\u00a0 nos vieux politicards avec Faure Gnassingb\u00e9 dans un mariage incestueux. L\u2019\u00e9lection du 4 mars devait servir de parodie, de \u2018 cache sexe malodorant\u2019 selon l\u2019expression d\u2019Ap\u00e9doh Amah\u00a0 pour cacher le plan machiav\u00e9lique orchestr\u00e9 contre le peuple\u00a0 togolais en lutte pour sa lib\u00e9ration.<\/p>\n<p>La composition du FRAC est une \u00e9quipe de r\u00eave qui a d\u00e9fi\u00e9 les vieux pr\u00e9jug\u00e9s et mensonges\u00a0 sur lesquels le RPT a \u00e9tabli son fonds de commerce politique.<\/p>\n<p>Le FRAC a r\u00e9ussi une remobilisation incroyable de la population qui avait perdu confiance en ses leaders politiques\u00a0 \u00e0 cause des\u00a0 turpitudes et les trahisons de ces derniers.<\/p>\n<p>Le FRAC a r\u00e9ussi la transition entre la vielle garde de leaders\u00a0 les pr\u00e9tendants au nouveau leadership de l\u2019opposition. Au-del\u00e0 du leadership, c\u2019est\u00a0 toute la m\u00e9thodologie de lutte\u00a0 qui est entrain d\u2019\u00eatre repens\u00e9e.<\/p>\n<p>Le FRAC a r\u00e9ussi \u00e0 gu\u00e9rir la population des traumatismes de 2005\u00a0 en donnant encore envie de r\u00eaver et d\u2019esp\u00e9rer. N\u2019oubliez pas que Faure et ses hommes arm\u00e9es ont viol\u00e9, tu\u00e9, bless\u00e9, traumatis\u00e9 et envoy\u00e9 en exil des milliers de nos compatriotes. Le but \u00e9tait d\u2019imposer Faure comme le pr\u00e9sident \u00e0 vie du Togo, mais aussi de tuer dans l\u2019\u00e2me des Togolais toute vell\u00e9it\u00e9 de contestation et de lutte politique.\u00a0 Il est donc \u00e9vident que le FRAC et son pr\u00e9sident \u00e9lu Jean Pierre Fabre ont mis en \u00a0\u00e9chec le plan destructeur et diabolique d\u2019asservissement du peuple togolais.<\/p>\n<p>Le FRAC d\u00e9montre chaque samedi que Faure Gnassingb\u00e9 ne dispose d\u2019aucune l\u00e9gitimit\u00e9.<\/p>\n<p>Le monde\u00a0 entier sait que le peuple togolais est remobilis\u00e9 pour l\u2019alternance et la d\u00e9mocratie\u00a0 gr\u00e2ce\u00a0 \u00e0 Jean-Pierre\u00a0 Fabre\u00a0;\u00a0 Patrick Lawson, le m\u00e9tronome et l\u2019organisateur ; Akila Esso BOKO; Kofi Yamgnane; Aim\u00e9 Gogu\u00e9\u00a0; Dahokou P\u00e9r\u00e9\u00a0;\u00a0 Abi Tchessa\u00a0 et\u00a0 \u00e0 tous les acteurs de la campagne du FRAC-UFC.<\/p>\n<p>Cette premi\u00e8re \u00e9tape qui est absolument n\u00e9cessaire est la premi\u00e8re partie d\u2019une strat\u00e9gie de conqu\u00eate du pouvoir, bien huil\u00e9e\u00a0 \u00e0 trois niveaux.<\/p>\n<p><strong>Mo5-togo.com\u00a0: Croyez-vous que les leaders du Frac ont quelque chose de s\u00e9rieux \u00e0 proposer \u00e0 la population \u00e0 part les marches des samedis\u00a0?<\/strong><\/p>\n<p><strong>Lawson-Hellu<\/strong>\u00a0: Soyons patients et soutenons le FRAC qui va bient\u00f4t d\u00e9clencher la deuxi\u00e8me phase qui\u00a0 la plus d\u00e9cisive.\u00a0 Cette\u00a0 deuxi\u00e8me phase commande aux\u00a0leaders du FRAC de rester disciplin\u00e9s et surtout de ne pas confondre la lutte du peuple togolais\u00a0 avec l\u2019agenda de leur propre ambition personnelle. Toute divagation ou erreur de ce genre les ferrait subir le\u00a0 m\u00eame sort que\u00a0 les vieux lions qui confondent gencives et dents et\u00a0 qui\u00a0 non seulement refusent leur retraite\u00a0 politique mais\u00a0 surtout veulent ramener la lutte d\u2019un peuple \u00e0 leur esp\u00e9rance de vie en\u00a0 oubliant\u00a0 que \u2018les hommes passent, le pays reste\u2019.<\/p>\n<p><strong>Mo5-togo.com\u00a0: Apr\u00e8s tout ce sacrifice que vous avez consenti et apr\u00e8s votre retour au Canada, pourquoi les responsables du Frac ne vous ont pas d\u00e9sign\u00e9 comme Repr\u00e9sentant du Frac en Am\u00e9rique du Nord\u00a0?<\/strong><\/p>\n<p><strong>Lawson-Hellu<\/strong>\u00a0: On pourrait logiquement interroger les crit\u00e8res de choix des repr\u00e9sentants du FRAC\u00a0\u00e0 l\u2019ext\u00e9rieur mais vous savez je suis un homme d\u2019action et de terrain. Je n\u2019aime pas m\u2019affubler de titre. Je suis descendu au Togo\u00a0 malgr\u00e9 les conditions d\u2019ins\u00e9curit\u00e9 pour me battre aux cot\u00e9s du peuple togolais pour l\u2019alternance et appuyer la jeune garde incarn\u00e9e par le\u00a0 charismatique patriote Jean-Pierre Fabre. Je me bats pour mon pays\u00a0 et je\u00a0 ne demande aucune\u00a0 reconnaissance. Mon s\u00e9jour au TOGO a \u00e9t\u00e9\u00a0 une tr\u00e8s bonne exp\u00e9rience formatrice qui m\u2019a permis de mieux m\u2019impr\u00e9gner de visu de \u00a0la triste r\u00e9alit\u00e9 de mon pays. L\u2019\u00e9loignement peut parfois influencer votre grille d\u2019analyse et d\u2019appr\u00e9ciation\u00a0 des r\u00e9alit\u00e9s socio politiques et in fine\u00a0 les strat\u00e9gies m\u00e9thodologiques de lutte. Vous\u00a0 avez besoin de les confronter \u00e0 la dure r\u00e9alit\u00e9 du terrain pour rester\u00a0 objectif,\u00a0 efficace, coh\u00e9rent et\u00a0 pragmatique.<\/p>\n<p>\u00a0Je pr\u00e9cise \u00e0 toute fins utiles que ceux qui ont \u00a0\u00e9t\u00e9 choisis sont des patriotes\u00a0 proches de\u00a0 moi et nous travaillons en parfaite symbiose. Je les appuie dans l\u2019exercice de leur mission.<\/p>\n<p><strong>Mo5-togo.com\u00a0: Selon vous la diaspora togolaise est-elle organis\u00e9e\u00a0? Quel r\u00f4le peut-elle jouer dans l\u2019alternance et l\u2019instauration de la d\u00e9mocratie au Togo\u00a0?<\/strong><\/p>\n<p><strong>\u00a0<\/strong><\/p>\n<p><strong>Lawson-Hellu<\/strong>\u00a0: J\u2019ai tout lieu de penser que lorsqu\u2019on veut reconna\u00eetre l\u2019unit\u00e9 de\u00a0 la diaspora togolaise, elle se morcelle. Lorsqu\u2019on veut interroger sa pluralit\u00e9, elle se disperse\u00a0 derri\u00e8re des incantations et des incongruit\u00e9s de leadership d\u00e9voy\u00e9.<\/p>\n<p>Lorsqu\u2019on veut \u00e9valuer ses strat\u00e9gies et peser ses initiatives, elles se divergent\u00a0\u00a0\u00a0 tangentiellement\u00a0 occasionnant\u00a0 une cacophonie\u00a0 d\u00e9sabusante\u00a0 avec \u00e0 la cl\u00e9 un bulletin d\u2019\u00e9checs pr\u00e9visibles. Chacun tire le drap de son c\u00f4t\u00e9. Pas de vision d\u2019ensemble claire ni\u00a0 m\u00e9thode d\u2019action bien d\u00e9finie. On veut plut\u00f4t tr\u00f4ner dans la &lt; cit\u00e9 de l\u2019opinion&gt; (selon la description que\u00a0 Hobbes fait de l\u2019honneur)\u00a0 en s\u2019adjugeant une certaine\u00a0 reconnaissance publique et virtuelle\u00a0 \u00e0 travers une autopromotion cybern\u00e9tique.<\/p>\n<p>Pourtant, la diaspora dispose de pr\u00e9cieuses\u00a0 ressources dont\u00a0 la mise en synergie ferrait d\u2019elle une force \u00e9conomique, politique et sociale redoutable capable d\u2019influencer consid\u00e9rablement\u00a0\u00a0 les acteurs et les enjeux de la crise togolaise. On ne peut perp\u00e9tuellement r\u00e9inventer la roue. Le Congr\u00e8s\u00a0 Mondiale de la Diaspora doit imp\u00e9rativement\u00a0 se concerter avec la Diastode\u00a0 Internationale et le Mo5 \u00a0ainsi\u00a0 que toutes les organisations repr\u00e9sentatives de la diaspora en vue de repenser\u00a0 la vision , la mission , les\u00a0 buts , les\u00a0 strat\u00e9gies ainsi que les organes\u00a0 de la diaspora\u00a0 togolaise\u00a0 pour une meilleure efficacit\u00e9 des initiatives qui doivent se traduire par\u00a0 des r\u00e9sultats efficaces , \u00e9difiants et probants.<\/p>\n<p>\u00a0\u00a0<strong>Mo5-togo.com\u00a0:Croyez-vous que la jeunesse togolaise d\u2019aujourd\u2019hui peut-elle assurer la rel\u00e8ve et faire mieux que les leaders actuels\u00a0?<\/strong><\/p>\n<p><strong>\u00a0<\/strong><strong>Lawson-Hellu\u00a0:<\/strong>\u00a0Je trouve votre question absolument pertinente. L\u2019avenir\u00a0 du Togo appartient \u00e0 sa jeunesse qui repr\u00e9sente\u00a0 au moins 80 % de la population. Le probl\u00e8me qui se pose \u00e0 cette jeunesse\u00a0 et qui handicape fortement\u00a0 son \u00e9lan\u00a0 et sa capacit\u00e9 de rel\u00e8ve, provient\u00a0\u00a0 non seulement de son instrumentalisation mais aussi et surtout du refus syst\u00e9mique de lui conf\u00e9rer les attributs du pouvoir de l\u2019action \u00e0 la hauteur de l\u2019\u00e9nergie et de la volont\u00e9 qui font sa force. On fait en sorte qu\u2019elle choisisse\u00a0 soit de s\u2019aligner sur les forces en pr\u00e9sence \u00e0 fort relent ethnique, soit de se clochardiser, soit de s\u2019exiler\u00a0 ou de s\u2019accommoder de\u00a0 la pr\u00e9carit\u00e9\u00a0 r\u00e9sultant de la d\u00e9brouillardise. Le taux de ch\u00f4mage reste tr\u00e8s \u00e9lev\u00e9. La d\u00e9perdition scolaire est ahurissante. Les dipl\u00f4m\u00e9s sont r\u00e9duits \u00e0 des salaires de mis\u00e8re ou contraints \u00e0 des m\u00e9tiers de subsistance.<\/p>\n<p>En plus de ces difficult\u00e9s, s\u2019ajoutent des pesanteurs culturelles de l\u2019autoritarisme d\u2019ainesse auquel elle est tenue de se soumettre.<\/p>\n<p>Il faut que la jeunesse togolaise se pr\u00e9pare \u00e0 une r\u00e9volution culturelle, sociale et politique. Elle doit conduire et assumer cette r\u00e9volution jusqu\u2019au bout. Avant d\u2019y arriver elle doit pouvoir penser par elle-m\u00eame et apprivoiser le fil conducteur de la pens\u00e9e r\u00e9volutionnaire. L\u2019\u00e9lite de la jeunesse doit se former, s\u2019\u00e9duquer et acqu\u00e9rir\u00a0 une\u00a0 solide exp\u00e9rience pour r\u00e9ussir sa mission. Elle doit \u00e9viter de commettre l\u2019erreur monumentale\u00a0 des acteurs du 5 octobre. Celle de remettre la conduite d\u2019une r\u00e9volution\u00a0 dans les mains non pr\u00e9par\u00e9es des quidams opportunistes\u00a0 sans projet ni culture ou\u00a0 encore moins\u00a0 disposant d\u2019une rh\u00e9torique\u00a0 et pratique r\u00e9volutionnaire. La jeunesse doit monter au cr\u00e9neau et\u00a0 se saisir\u00a0 du\u00a0 pouvoir\u00a0 et compl\u00e8tement l\u2019assumer. Ils sont nombreux, ces jeunes togolais, ing\u00e9nieux,\u00a0 talentueux, courageux et comp\u00e9tents capables\u00a0 conduire la lib\u00e9ration et le redressement du pays. Comme l\u2019\u00e9nonce Frantz Fanon\u00a0&lt;&lt;&#8220;Chaque g\u00e9n\u00e9ration doit, dans une relative opacit\u00e9, d\u00e9couvrir sa mission, l&#8217;accomplir ou la trahir.&#8221;&gt;&gt;. Aux jeunes togolais d\u2019accomplir et d\u2019assumer\u00a0 les siennes.<\/p>\n<p><strong>Mo5-togo.com\u00a0: Comment qualifiez-vous la d\u00e9cision de Gilchrist OLYMPIO de participer au gouvernement de large union et de comp\u00e9tence\u00a0? Alors GiL pragmatique ou traitre\u00a0?<\/strong><\/p>\n<p>Lawson-Hellu\u00a0: La d\u00e9claration\u00a0 Gilchrist Olympio le 26 mai 2010 a sonn\u00e9 dans mes oreilles comme des coups de tonnerre. Au-del\u00e0 de la paix des braves qu\u2019il pr\u00e9tend avoir sign\u00e9e avec le RPT, ce qui peut \u00eatre compr\u00e9hensible politiquement, c\u2019est plut\u00f4t\u00a0 la nouvelle orientation qu\u2019il propose au peuple togolais et surtout\u00a0 le constat\u00a0 d\u2019\u00e9chec\u00a0 qu\u2019il effectue des 40 ans de lutte, qui m\u2019ont\u00a0 compl\u00e8tement d\u00e9vast\u00e9. J\u2019ai pleur\u00e9 comme\u00a0 un soldat sur le champ de bataille qui veut continuer \u00e0 se battre mais qui voit son chef abdiquer pour des motifs obscurs.<\/p>\n<p>40 ans de sacrifice, de souffrance, de privation, de lutte ardue\u00a0 avec son cort\u00e8ge de bless\u00e9s, de mutil\u00e9s,\u00a0 de morts, d\u2019exil\u00e9s ne peuvent se r\u00e9duire\u00a0 aussi abruptement \u00e0\u00a0 la portion congrue d\u2019un accord bidon de partage de gouvernement aussi m\u00e9diocre.<\/p>\n<p>\u00a0Des questions s\u00e9rieuses se posent. Des interrogations\u00a0 jaillissent\u00a0 de toute part et le doute profond s\u2019installe. Si la question des acquis de ces 40 ann\u00e9es\u00a0 de lutte se voit brad\u00e9e\u00a0; pire, se pose avec plus d\u2019acuit\u00e9 le probl\u00e8me de l\u2019orientation id\u00e9ologique de la lutte o\u00f9 la confusion\u00a0 prend son droit de cit\u00e9e. Plus de rep\u00e8re, plus de r\u00e9f\u00e9rence, plus de mythe, plus d\u2019id\u00e9ologie, plus de vision. On partage le gouvernement avec le RPT, point barre. C\u2019est plut\u00f4t\u00a0 \u00a0nous\u00a0 semble t-il\u00a0 accepter la r\u00e9gence du parti de malheur ad vitam aeternam. Si la lutte engag\u00e9e depuis plusieurs d\u00e9cennies devait finalement aboutir \u00e0 partager le gouvernement\u00a0 avec le RPT, pourquoi avoir perdu autant de temps, d\u2019\u00e9nergie, de sang, de vies humaines\u00a0 \u00e0\u00a0\u00a0 combattre\u00a0 pendant tout ce temps\u00a0? \u00c9tions-nous aussi idiots\u00a0?<\/p>\n<p>J\u2019ai essay\u00e9 de comprendre monsieur Olympio, de lui donner le b\u00e9n\u00e9fice du doute et de prendre en consid\u00e9ration tous les facteurs significatifs qu\u2019imposent\u00a0 le\u00a0 leadership politique mais peine perdue\u00a0 car tous les \u00e9l\u00e9ments et indicatifs\u00a0 de la grille d\u2019analyse qui font qu\u2019en politique 1+1 ne font pas toujours 2 virent au rouge et d\u00e9fient la raison. Ils\u00a0 refusent m\u00eame\u00a0 d\u2019ob\u00e9ir aux\u00a0 lois potentielles de l\u2019irrationnel\u2026<\/p>\n<p>Le leader politique\u00a0 est leader parce qu\u2019il a\u00a0 une vision, une mission, une strat\u00e9gie, une m\u00e9thode et des objectifs\u00a0 auxquelles\u00a0 le peuple adh\u00e8re. M\u00eame si l\u2019on reconna\u00eet que le leader peut \u00eatre\u00a0 parfois en avance sur son temps\u00a0 et du coup courir le risque d\u2019\u00eatre incompris et rejet\u00e9 \u00e0 un temps T1, Il rel\u00e8ve de sa responsabilit\u00e9 de convaincre, de susciter la foi confiance de ses militants en attendant d\u2019\u00eatre soumis au verdict des r\u00e9sultats concrets de sa d\u00e9marche au temps T2.\u00a0 S\u2019il advenait que le leader s\u2019est tromp\u00e9, il doit pouvoir tirer toutes les\u00a0 cons\u00e9quences de son \u00e9chec et rendre\u00a0 le tablier. C\u2019est cela un leader.<\/p>\n<p>Gilchrist\u00a0 Olympio n\u2019est malheureusement\u00a0 pas dans le cas de figure.<\/p>\n<p>Il a fait son choix et pris sa d\u00e9cision au m\u00e9pris de tous les principes de d\u00e9mocratie et de leadership.<\/p>\n<p>\u00a0Il a outre choisi un tr\u00e8s mauvais tempo\u00a0 politique pour parachever son mariage contre nature avec Faure Gnassingb\u00e9 alors que la r\u00e9\u00e9lection de ce dernier est vivement et l\u00e9gitimement contest\u00e9e par\u00a0 l\u2019UFC et le FRAC.<\/p>\n<p>\u00a0Il fait fi du vote de la majorit\u00e9 des togolais en faveur de Jean-Pierre\u00a0 Fabre et ridiculiser les marches\u00a0 d\u00e9mocratiques\u00a0 de protestation\u00a0 l\u00e9gitime des milliers de Togolais dans les rues de Lom\u00e9 chaque samedi depuis l\u2019\u00e9lection pr\u00e9sidentielle du 4 mars contre la\u00a0 deuxi\u00e8me fraude \u00e9lectorale fils du G\u00e9n\u00e9ral Eyadema.<\/p>\n<p>On est forc\u00e9 de sentir dans la d\u00e9marche solitaire de Monsieur Olympio, de la vengeance politique\u00a0 pour\u00a0 court-circuiter\u00a0 le leadership et la dynamique revendicatrice de son ex-secr\u00e9taire g\u00e9n\u00e9ral, au point d\u2019ignorer la volont\u00e9 et le combat de tout un peuple pour le changement et l\u2019alternance.\u00a0 Monsieur Olympio n\u2019a tout simplement pas dig\u00e9r\u00e9\u00a0 que sa candidature hypoth\u00e9qu\u00e9e soit remplac\u00e9e par\u00a0 celle de Jean-Pierre Fabre, son disciple\u00a0 politique le plus accompli.<\/p>\n<p>Tout cela t\u00e9moigne et trahit les convictions de pseudo d\u00e9mocrate et autocratiques de monsieur Olympio et surtout met en lumi\u00e8res ses r\u00e9elles intentions en\u00a0 trompe l\u2019\u0153il de\u00a0 lib\u00e9ration du peuple togolais du joug n\u00e9ocolonial des Gnassingb\u00e9. Il me semble que monsieur Olympio arriv\u00e9 \u00e0 un \u00e2ge avanc\u00e9, o\u00f9 naturellement, il devrait prendre sa retraite politique et passer le relais, et conscient qu\u2019il ne pourra plus se rendre avec le peuple togolais \u00e0 la\u00a0 terre promise,\u00a0\u00a0 a voulu monnayer les 40 ans de lutte pour tirer des dividendes personnelles et \u00e9go\u00efstes.<\/p>\n<p>En r\u00e9alit\u00e9 ce qui a fait la force de monsieur Olympio,\u00a0 fait \u00e9galement\u00a0 sa faiblesse aujourd\u2019hui. Toute la force motrice de son combat politique et de son opposition historique a pris son\u00a0 encrage sur la personne d\u2019Eyadema. \u00c0 la mort\u00a0\u00a0 de celui, le ballon s\u2019est vid\u00e9 de son\u00a0 h\u00e9lium. Un combat politique ne peut se r\u00e9sumer \u00e0 une opposition \u00e0 une personne mais plut\u00f4t\u00a0 au syst\u00e8me incarn\u00e9 par cette personne. Si c\u2019\u00e9tait le cas, le combat de Gilchrist devrait survivre \u00e0 la disparition d\u2019Eyadema. Monsieur\u00a0 Olympio n&#8217;aurait jamais rencontr\u00e9 officiellement monsieur Eyadema de son vivant en 40 ans de lutte politique (j&#8217;exclus les rencontres officieuses probables) mais constatez combien de fois il a rencontr\u00e9\u00a0 officiellement son fils en 4 ans\u00a0! Et oui, le deal avec Faure\u00a0 couvait depuis la rencontre myst\u00e9rieuse d\u2019Abuja\u00a0 en 2005 qui a vu sacrifier sur l\u2019autel des calculs politiciens et \u00e9go\u00efstes,\u00a0 l\u2019\u00e9lection\u00a0 pr\u00e9sidentielle gagn\u00e9e par\u00a0 Bob Akitani et\u00a0 la r\u00e9sistance\u00a0 h\u00e9ro\u00efque du peuple togolais\u00a0 \u00e0 la succession monarchique de Faure Gnassingn\u00e9. Le vin\u00a0 a \u00e9t\u00e9 tir\u00e9 depuis lors, avec \u00e0 la cl\u00e9 des milliers de togolais massacr\u00e9s\u00a0\u00a0 horriblement. Monsieur Gilchrist\u00a0 Olympio\u00a0 a juste\u00a0 pris le temps de le boire jusqu\u2019\u00e0 la lie. Il avait tout planifi\u00e9 sauf, la candidature impr\u00e9vue de Jean-Pierre Fabre et la constitution\u00a0 in extremis du FRAC.<\/p>\n<p>Force est d\u2019affirmer haut et fort que l\u2019accord de partage du pouvoir entre les\u00a0 fils de pr\u00e9sidents n\u2019engage qu\u2019eux et non le vaillant peuple togolais.<\/p>\n<p>La\u00a0 question de partage du pouvoir qui est au demeurant\u00a0 une alternative s\u00e9rieuse de court terme \u00e0 d\u00e9faut de l\u2019alternance\u00a0 politique. Elle doit \u00eatre envisag\u00e9e\u00a0 sous le prisme du statut officiel de\u00a0 l\u2019opposition, du cadrant l\u00e9gislatif et de \u00a0la question du financement. L\u2019opposition doit \u00eatre renforc\u00e9e dans son statut de contr\u00f4le du pouvoir, de la gestion de la chose publique et dans le choix des grandes orientations de politique g\u00e9n\u00e9rale au niveau de tous les \u00e9chelons de l\u2019\u00c9tat. Le partage de pouvoir\u00a0 doit r\u00e9sulter non pas de la participation au gouvernement\u00a0 mais plut\u00f4t du pouvoir \u00a0de contr\u00f4ler le pouvoir. L\u2019opposition doit disposer ses critiques pay\u00e9s par l\u2019\u00c9tat pour contr\u00f4ler\u00a0 les minist\u00e8res, les mairies, les pr\u00e9fectures\u00a0 et toutes les instances de l\u2019\u00c9tat politique et administrative. Le parti\u00a0 au\u00a0 pouvoir g\u00e8re le gouvernement et en a l\u2019enti\u00e8re responsabilit\u00e9 et assume les cons\u00e9quences. L\u2019opposition doit disposer les moyens et le pouvoir\u00a0 de contr\u00f4ler son action. Ces moyens et ce pouvoir constituent les fondamentaux du r\u00e9el partage de pouvoir dans le cadre d\u2019une d\u00e9mocratie apais\u00e9e.<\/p>\n<p>\u00a0L\u2019histoire, portera un jour, je l\u2019esp\u00e8re, un regard crois\u00e9 et plus objectif\u00a0 sur la g\u00e9om\u00e9trie asym\u00e9trique\u00a0 du trac\u00e9 politique de l\u2019opposant historique et rendra compte de sa pertinence dans le destin \u00a0politiquement \u00a0tragique du peuple togolais.<\/p>\n<p>Pour l\u2019instant\u00a0 les d\u00e9s sont jet\u00e9s et les clarifications ont \u00e9t\u00e9 effectu\u00e9es\u00a0; nous devons l\u2019accepter et laisser\u00a0 M. Olympio choisir\u00a0 sa\u00a0 nouvelle voie m\u00eame\u00a0 si c\u2019est celle du RPT. C\u2019est aussi une exigence de la d\u00e9mocratie pour laquelle nous combattons. Nous devons\u00a0 repenser\u00a0 la r\u00e9volution et continuer inexorablement\u00a0 le combat jusqu\u2019\u00e0 la victoire finale du peuple togolais.\u00a0 Jacques Attali, dans \u00ab\u00a0Une br\u00e8ve histoire de l&#8217;avenir\u00a0\u00bb conseille\u00a0 en ces termes: &#8221;Comme \u00e0 l&#8217;aube de toute r\u00e9volution majeure, il nous appartient d&#8217;abord d&#8217;en mesurer l\u2019urgence, d&#8217;en nommer les acteurs, d&#8217;en d\u00e9finir les valeurs et d&#8217;en imaginer les institutions, dans la modestie du quotidien et la d\u00e9mesure de l&#8217;id\u00e9al&#8221;. Repartons sur de\u00a0 bases nouvelles et saines avec des hommes nouveaux, capables de porter plus loin l\u2019aspiration l\u00e9gitime du peuple togolais \u00e0 l\u2019alternance et le changement.<\/p>\n<p>Les hommes passeront mais le pays et la justesse du combat du peuple\u00a0 pour la libert\u00e9, la d\u00e9mocratie et l\u2019alternance politique\u00a0 ne passeront pas.<\/p>\n<p><strong>Mo5-togo.com\u00a0:Pensez-vous comme certains togolais que l\u2019arm\u00e9e est le probl\u00e8me majeur du Togo\u00a0?<\/strong><\/p>\n<p><strong>Lawson-Hellu<\/strong>\u00a0: Je vous fais observer que\u00a0 l\u2019arm\u00e9e n\u2019est pas le probl\u00e8me du Togo mais fait partie du probl\u00e8me togolais. Elle porte une lourde responsabilit\u00e9 dans le chaos politique, \u00e9conomique et social depuis son intrusion tragique et d\u00e9sastreuse\u00a0 dans la vie politique le 13 janvier 1963. Elle a plusieurs fois r\u00e9cidiv\u00e9\u00a0: 66,67, d\u00e9cembre 91,\u00a0 et\u00a0 la plus r\u00e9cente intrusion, f\u00e9vrier 2005 g\u00e9n\u00e9rant une crise politique et institutionnelle\u00a0 qui a fait distinguer le Togo de fa\u00e7on tristement\u00a0 c\u00e9l\u00e8bre dans le monde. Des r\u00e9formes sont absolument n\u00e9cessaires pour red\u00e9finir l\u2019orientation, la mission et la vision\u00a0 en vue de faire cette arm\u00e9e une v\u00e9ritable arm\u00e9e r\u00e9publicaine au service de son peuple, outill\u00e9e et pr\u00eate \u00e0 d\u00e9fendre l\u2019int\u00e9grit\u00e9 du territoire, la s\u00e9curit\u00e9 des biens et des personnes,\u00a0 la patrie et la constitution.\u00a0 Aussi faut-il d\u00e9samarrer\u00a0 l\u2019arm\u00e9e togolaise de la domination et de l\u2019instrumentalisation fran\u00e7aise. Tant que la France continuera \u00e0 faire de cette arm\u00e9e un outil\u00a0 raciste d\u2019asservissement\u00a0 colonial et un<\/p>\n<p>march\u00e9 gratuit pour son industrie d\u2019armement, le Togo n\u2019acc\u00e8dera jamais au rang de pays libre et d\u00e9mocratique et les togolais souffriront\u00a0 toujours de mis\u00e8re et de paup\u00e9risation. Le comportement et\u00a0 les propos\u00a0 colonialistes , liberticides et\u00a0 m\u00e9prisants de ce barbouze de lieutenant-colonel de l\u2019arm\u00e9e fran\u00e7aise, Romuald Letondot, envoy\u00e9 au Togo pour conseiller machiav\u00e9liquement\u00a0 le chef d\u2019\u00e9tat major de l\u2019arm\u00e9e de terre\u00a0 \u00e0 maintenir en laisse dans les cales du bateau n\u00e9grier, le peuple togolais, en disent long sur le plan g\u00e9nocidaire\u00a0 d\u00e9rob\u00e9 du pays des droits de l\u2019homme en Afrique en g\u00e9n\u00e9ral\u00a0et le Togo en particulier. La France est\u00a0 enti\u00e8rement responsable du d\u00e9sordre politique au Togo et cons\u00e9quemment de la souffrance du peuple togolais. Mais le peuple togolais ne se laissera pas\u00a0 faire et proclame \u00e0 l\u2019unisson\u00a0 les mots d\u2019Aim\u00e9 C\u00e9saire, tir\u00e9s du Cahier d\u2019un retour au pays natal\u00a0:<\/p>\n<p>&lt;&lt;\u00a0<\/p>\n<p>\u00a0Et elle est debout la n\u00e9graille<\/p>\n<p>la n\u00e9graille assise<\/p>\n<p>inattendument debout<\/p>\n<p>debout dans la cale<\/p>\n<p>debout dans les cabines<\/p>\n<p>debout sur le pont<\/p>\n<p>debout dans le vent<\/p>\n<p>debout sous le soleil<\/p>\n<p>debout dans le sang<\/p>\n<p>debout et libre<\/p>\n<p>&gt;&gt;\u00a0<\/p>\n<p>Il faut noter que malgr\u00e9 que\u00a0 la configuration\u00a0 de commandement de l\u2019arm\u00e9e soit noyaut\u00e9e\u00a0 par des hommes conseill\u00e9s par la France et proches d\u2019un parti auquel\u00a0 ils servent mordicus les int\u00e9r\u00eats,\u00a0 la\u00a0 majorit\u00e9 des soldats de cette arm\u00e9e ne sont pas responsables des basses besognes\u00a0 g\u00e9n\u00e9ralement imput\u00e9e \u00e0 celle-ci.<\/p>\n<p>Nous avons not\u00e9 des grands noms qui ont fait et parfois\u00a0 au prix de leur vie\u00a0la notori\u00e9t\u00e9\u00a0 de cette arm\u00e9e: Colonel T\u00e9p\u00e9, Capitaine \u00c9pou, Tokofa\u00ef, Kanakatom, Akpo\u00a0 et tout r\u00e9cemment le commandant Boko qui par son acte de courage et d\u2019humanisme a \u00e9pargn\u00e9 \u00e0\u00a0 son pays un g\u00e9nocide planifi\u00e9 par le clan Gnassingb\u00e9 et leurs conseillers militaires et civiles fran\u00e7ais notamment\u00a0 le machiavel Desbaches et Letondot.<\/p>\n<p>\u00a0Je pense \u00e0 tous ceux qui sont tomb\u00e9s dans l\u2019anonymat pour la d\u00e9mocratie. Pour que leur combat ne soient pas vain et surtout pour permettre aux militaires d\u00e9mocrates de l\u2019arm\u00e9e de disposer d\u2019une structure de soutien en cas de d\u00e9tresse, nous avons mis sur les fonds baptismaux les Fonds de Soutien et d\u2019Appui des D\u00e9mocrates des FAT (FSAD-FAT). Dans un article publi\u00e9 sur les sites internet et sign\u00e9 par Antoine Nadjomb\u00e9, Gbetey Folly Kpodar ,et moi-m\u00eame , intitul\u00e9\u00a0: <span style=\"text-decoration: underline;\">cr\u00e9ation d\u2019un Fonds de Soutien et d\u2019Appui aux D\u00e9mocrates des forces arm\u00e9es du Togo<\/span>, nous \u00e9crivions\u00a0 au sujet du FSAD-FAT ce qui suit\u00a0: &lt;&lt;Son but est de soutenir et d\u2019encourager tout agent d\u00e9mocrate des forces de s\u00e9curit\u00e9 togolaise\u00a0: militaire, gendarme ou policier et tout regroupement de ceux-ci \u00e0 apporter un appui significatif ou \u00e0 se distinguer de mani\u00e8re h\u00e9ro\u00efque dans la lutte de lib\u00e9ration du peuple togolais.<\/p>\n<p>Le peuple togolais et sa diaspora veulent d\u00e9sormais s\u2019appuyer sur les ressources de son arm\u00e9e pour r\u00e9soudre d\u00e9finitivement la crise togolaise en vue de faire rentrer le Togo dans la modernit\u00e9, le bien-\u00eatre social pour tous et le d\u00e9veloppement int\u00e9gral. Le peuple togolais a fait son chemin dans sa volont\u00e9 de lib\u00e9ration et de changement\u00a0; il appartient \u00e0 l\u2019arm\u00e9e ou du moins \u00e0 une partie de celle-ci de faire le sien.<\/p>\n<p>Les Fonds de Solidarit\u00e9 et d\u2019Appui des Forces Arm\u00e9es Togolaises (FSAD-FAT) fonctionneront entre autres comme une assurance vie, une assurance maladie et invalidit\u00e9, une bourse d\u2019\u00e9tudes pour les ayant droits, une pension de retraite et une prime \u00e0 l\u2019action et au courage<\/p>\n<p>Nous devons abandonner la litanie des paroles incantatoires qui ne d\u00e9placent m\u00eame pas de la poussi\u00e8re. Nous devons essayer autre chose que le d\u00e9nigrement syst\u00e9matique. C\u2019est faisable si nous savons transformer nos pleurs, frustration, d\u00e9ception, amertume, col\u00e8re, h\u00e9sitation, peur, doute, v\u0153ux pieux, critiques oiseuses en outils pragmatiques d\u2019actions et d\u2019initiatives innovatrices coh\u00e9rentes en vue d\u2019un meilleur devenir pour le Togo. De toute fa\u00e7on le Togo d\u00e9mocratique de demain auquel nous appelons de tous nos v\u0153ux, aura \u00e0 composer avec l\u2019h\u00e9ritage lourd et complexe de son arm\u00e9e. Vaut mieux y r\u00e9fl\u00e9chir et prendre les devants d\u00e8s maintenant. La chandelle vaut le coup nous semble-t-il.<\/p>\n<p>La d\u00e9marche n\u2019est pas seulement financi\u00e8re, mais aussi, et surtout psychologique, psychique, sociologique et historique. C\u2019est un processus de r\u00e9conciliation du peuple avec son arm\u00e9e et surtout de la r\u00e9appropriation de celle-ci dans notre inconscient collectif. Un peuple sans son arm\u00e9e est vuln\u00e9rable et une arm\u00e9e sans son peuple n\u2019a pas sa raison d\u2019\u00eatre. Les deux forment les parties d\u2019un tout et le tout d\u2019une partie. Une souverainet\u00e9 sans la force nous semble \u00eatre du leurre. Au-del\u00e0 de la lutte pour l\u2019alternance politique, nous devons avoir en perspective les fondamentaux d\u2019une vraie r\u00e9publique souveraine et d\u2019une vraie nation.&gt;&gt;\u00a0<\/p>\n<p>Nous demandons \u00e0 la diaspora togolaise et \u00e0 toutes les personnes de bonne volont\u00e9 au Togo et ailleurs, \u00a0de se mobiliser pour faire de cette institution une r\u00e9alit\u00e9.<\/p>\n<p><strong>Mo5-togo.com\u00a0: votre mot de fin.<\/strong><\/p>\n<p><strong>Lawson-Hellu<\/strong>: J\u2019aimerais dire au peuple togolais qu\u2019il y a des raisons d\u2019esp\u00e9rer et qu\u2019il faut rester mobilis\u00e9, d\u00e9termin\u00e9 et unis. La victoire est proche, ce n\u2019est qu\u2019une question de temps. Vaincrons ou mourrons mais dans la dignit\u00e9.<\/p>\n<p>Vive le Togo et vivement l\u2019alternance politique.<\/p>\n<p>Unis pour la m\u00eame cause, la lutte continue\u00a0!<\/p>\n<p>Je vous remercie<\/p>\n<p style=\"text-align: right;\">\u00a0<strong>Mo5-togo.com<\/strong>\u00a0\u00a0\u00a0\u00a0\u00a0\u00a0\u00a0\u00a0\u00a0\u00a0\u00a0\u00a0\u00a0\u00a0\u00a0<\/p>\n","protected":false},"excerpt":{"rendered":"<p>\u00a0 PROTOCOLE D\u2019INTERVIEW \u00a0\u00a0\u00a0\u00a0\u00a0\u00a0\u00a0\u00a0 Lawson-Hellu Alphonse ancien pr\u00e9sident du Conseil des Etudiants de l\u2019Universit\u00e9 du B\u00e9nin (CEUB), devenu aujourd\u2019hui apr\u00e8s une reforme en 2001 Universit\u00e9 de Lom\u00e9. M. Lawson a accord\u00e9 une interview \u00e0 la r\u00e9daction du mo5-togo.com dans laquelle il passe en revue l\u2019actualit\u00e9 politique de ces derniers temps. Il a remerci\u00e9 les p\u00e8res [&hellip;]<\/p>\n","protected":false},"author":1,"featured_media":0,"parent":0,"menu_order":0,"comment_status":"closed","ping_status":"open","template":"","meta":[],"_links":{"self":[{"href":"http:\/\/mtn-togo.org\/index.php?rest_route=\/wp\/v2\/pages\/153"}],"collection":[{"href":"http:\/\/mtn-togo.org\/index.php?rest_route=\/wp\/v2\/pages"}],"about":[{"href":"http:\/\/mtn-togo.org\/index.php?rest_route=\/wp\/v2\/types\/page"}],"author":[{"embeddable":true,"href":"http:\/\/mtn-togo.org\/index.php?rest_route=\/wp\/v2\/users\/1"}],"replies":[{"embeddable":true,"href":"http:\/\/mtn-togo.org\/index.php?rest_route=%2Fwp%2Fv2%2Fcomments&post=153"}],"version-history":[{"count":4,"href":"http:\/\/mtn-togo.org\/index.php?rest_route=\/wp\/v2\/pages\/153\/revisions"}],"predecessor-version":[{"id":359,"href":"http:\/\/mtn-togo.org\/index.php?rest_route=\/wp\/v2\/pages\/153\/revisions\/359"}],"wp:attachment":[{"href":"http:\/\/mtn-togo.org\/index.php?rest_route=%2Fwp%2Fv2%2Fmedia&parent=153"}],"curies":[{"name":"wp","href":"https:\/\/api.w.org\/{rel}","templated":true}]}}