{"id":158,"date":"2011-04-23T15:14:31","date_gmt":"2011-04-23T20:14:31","guid":{"rendered":"http:\/\/mtn-togo.org\/?page_id=158"},"modified":"2011-05-31T09:42:57","modified_gmt":"2011-05-31T14:42:57","slug":"communiques","status":"publish","type":"page","link":"http:\/\/mtn-togo.org\/?page_id=158","title":{"rendered":"Communiqu\u00e9s"},"content":{"rendered":"<p><img loading=\"lazy\" class=\"alignnone size-full wp-image-477\" title=\"Jean -Pierre Fabres, pr\u00e9sident national de l'ANC\" src=\"http:\/\/mtn-togo.org\/wp-content\/uploads\/2011\/04\/Jean-Pierre-Fabres-pr\u00e9sident-national-de-lANC.jpg\" alt=\"Jean -Pierre Fabres, pr\u00e9sident national de l'ANC\" width=\"59\" height=\"80\" \/><\/p>\n<p><strong>Front R\u00e9publicain pour l\u2019Alternance et le Changement (FRAC)<br \/>\n<\/strong>C O M M U N I Q U E<\/p>\n<p>Relatif \u00e0 la r\u00e9pression de la marche pacifique des \u00e9tudiants<\/p>\n<p><!--more-->Le mercredi 25 mai 2011, un impressionnant dispositif des forces de police et de gendarmerie a violemment r\u00e9prim\u00e9 une marche pacifique organis\u00e9e par le Mouvement pour l\u2019Epanouissement de l\u2019Etudiant Togolais (MEET) pour protester contre la mise en \u0153uvre calamiteuse du syst\u00e8me LMD au Togo ainsi que les mauvaises conditions de vie et d\u2019\u00e9tudes sur les campus universitaires du Togo.<\/p>\n<p>Cette r\u00e9pression, qui s\u2019est poursuivie le jeudi 26 mai 2011, intervient au lendemain du vote de la loi sur les manifestations publiques. Elle d\u00e9montre que l\u2019objectif de cette loi est bel et bien de liquider les libert\u00e9s publiques ch\u00e8rement acquises par le peuple togolais. La r\u00e9pression syst\u00e9matique des manifestations pacifiques organis\u00e9es \u00e0 Lom\u00e9 et \u00e0 l\u2019int\u00e9rieur du pays, participe de cette liquidation.<\/p>\n<p>C\u2019est le lieu de d\u00e9plorer une fois encore, le r\u00f4le trouble et incompr\u00e9hensible de pr\u00e9tendus \u2018\u2019experts\u2019\u2019 qui se sont laiss\u00e9s manipuler par le r\u00e9gime RPT pour apporter leur caution \u00e0 l\u2019entreprise liberticide du gouvernement.<\/p>\n<p>La r\u00e9pression de la manifestation pacifique des \u00e9tudiants qui revendiquent leurs droits l\u00e9gitimes \u00e0 des conditions d\u2019\u00e9tudes d\u00e9centes est d\u2019autant plus scandaleuse qu\u2019elle intervient en violation de la franchise universitaire et dans un contexte de faillite totale de la politique gouvernementale de l\u2019\u00e9ducation en g\u00e9n\u00e9ral et de l\u2019enseignement sup\u00e9rieur en particulier.<br \/>\nEn effet, le r\u00e9gime RPT continue de priver ce secteur strat\u00e9gique des moyens de son d\u00e9veloppement en refusant de placer au rang de ses priorit\u00e9s, la formation ad\u00e9quate de la jeunesse togolaise. Dans le m\u00eame temps, le r\u00e9gime RPT continue d\u2019exposer les ressources nationales \u00e0 la corruption, \u00e0 la gabegie et au d\u00e9tournement. Les voyages d\u2019agr\u00e9ment, la collection de villas et de voitures de luxe, le libertinage, toutes les activit\u00e9s inutiles et sans aucun int\u00e9r\u00eat pour le pays, sont \u00e9rig\u00e9es en gouvernance.<\/p>\n<p>L\u2019Alliance Nationale pour le Changement (ANC), Sursaut \u2013Togo, le Pacte Socialiste pour le Renouveau (PSR), l\u2019Alliance des D\u00e9mocrates pour le D\u00e9veloppement Int\u00e9gral (ADDI), constitu\u00e9s en Front R\u00e9publicain pour l\u2019Alternance et le Changement (FRAC) et le Parti des Travailleurs, marquent leur enti\u00e8re solidarit\u00e9 avec les \u00e9tudiants en lutte pour l\u2019am\u00e9lioration de leurs conditions de vie et d\u2019\u00e9tudes.<\/p>\n<p>Le FRAC d\u00e9nonce et condamne vigoureusement les violences exerc\u00e9es sur des \u00e9tudiants qui n\u2019aspirent qu\u2019\u00e0 poursuivre leurs \u00e9tudes et \u00e0 pr\u00e9parer leur avenir. Il demande au gouvernement de mettre imm\u00e9diatement fin \u00e0 cette r\u00e9pression aveugle et de prendre en compte les revendications l\u00e9gitimes des \u00e9tudiants.<\/p>\n<p>Le FRAC, constamment pr\u00e9occup\u00e9 du bien-\u00eatre et de l\u2019\u00e9panouissement de la jeunesse, appelle les populations togolaises mobilis\u00e9es, \u00e0 appuyer la lutte que m\u00e8nent les \u00e9tudiants togolais depuis des d\u00e9cennies pour un meilleur devenir de l\u2019enseignement universitaire au Togo.<\/p>\n<p>Fait \u00e0 Lom\u00e9, le 26 mai 2011<\/p>\n<p>Pour le FRAC,<br \/>\nLe Pr\u00e9sident National de l\u2019ANC<\/p>\n<p>(Sign\u00e9)<\/p>\n<p>Jean-Pierre Fabre<\/p>\n","protected":false},"excerpt":{"rendered":"<p>Front R\u00e9publicain pour l\u2019Alternance et le Changement (FRAC) C O M M U N I Q U E Relatif \u00e0 la r\u00e9pression de la marche pacifique des \u00e9tudiants<\/p>\n","protected":false},"author":1,"featured_media":0,"parent":0,"menu_order":0,"comment_status":"closed","ping_status":"open","template":"","meta":[],"_links":{"self":[{"href":"http:\/\/mtn-togo.org\/index.php?rest_route=\/wp\/v2\/pages\/158"}],"collection":[{"href":"http:\/\/mtn-togo.org\/index.php?rest_route=\/wp\/v2\/pages"}],"about":[{"href":"http:\/\/mtn-togo.org\/index.php?rest_route=\/wp\/v2\/types\/page"}],"author":[{"embeddable":true,"href":"http:\/\/mtn-togo.org\/index.php?rest_route=\/wp\/v2\/users\/1"}],"replies":[{"embeddable":true,"href":"http:\/\/mtn-togo.org\/index.php?rest_route=%2Fwp%2Fv2%2Fcomments&post=158"}],"version-history":[{"count":4,"href":"http:\/\/mtn-togo.org\/index.php?rest_route=\/wp\/v2\/pages\/158\/revisions"}],"predecessor-version":[{"id":476,"href":"http:\/\/mtn-togo.org\/index.php?rest_route=\/wp\/v2\/pages\/158\/revisions\/476"}],"wp:attachment":[{"href":"http:\/\/mtn-togo.org\/index.php?rest_route=%2Fwp%2Fv2%2Fmedia&parent=158"}],"curies":[{"name":"wp","href":"https:\/\/api.w.org\/{rel}","templated":true}]}}